{"id":11557,"date":"2018-04-16T12:18:59","date_gmt":"2018-04-16T10:18:59","guid":{"rendered":"https:\/\/www.diamantrad.com\/blog\/?page_id=590"},"modified":"2025-07-23T16:03:42","modified_gmt":"2025-07-23T14:03:42","slug":"fahrradsammler","status":"publish","type":"page","link":"https:\/\/www.diamantrad.com\/de-DE\/fahrradsammler\/","title":{"rendered":"Fahrradsammler und Diamantiker"},"content":{"rendered":"<div class=\"lazyblock-nncontainer-Z2mMzUV wp-block-lazyblock-nncontainer\"><div class=\"section-secondary\">\r\n  <div class=\"container\" id=\"container-Z2mMzUV\">\r\n    <div class=\"row\">\r\n      <div class=\"col py-4 py-lg-5\">\r\n        <div class=\"lazyblock-inner-blocks\">\n<div class=\"lazyblock-cover-text-1BpYxm wp-block-lazyblock-cover-text\"><div class=\"covertext container py-5 d-flex flex-column colorscheme-light justify-content-center\" id=\"covertext-1BpYxm\">\r\n  <div class=\"lazyblock-inner-blocks\">\n\n<h3 class=\"wp-block-heading\">Fahrradsammler und Diamantiker<\/h3>\n\n<\/div>\r\n<\/div><\/div>\n<\/div>\r\n      <\/div>\r\n    <\/div>\r\n  <\/div>\r\n<\/div><\/div>\n\n<div class=\"lazyblock-nncontainer-Z2uMT36 wp-block-lazyblock-nncontainer\"><div class=\"section-standard\">\r\n  <div class=\"container\" id=\"container-Z2uMT36\">\r\n    <div class=\"row\">\r\n      <div class=\"col py-4 py-lg-5\">\r\n        <div class=\"lazyblock-inner-blocks\">\n\n<p>Fahrradsammler sehen alte R\u00e4der als echte Sch\u00e4tze, die es liebevoll aufzubereiten und so gut wie m\u00f6glich in ihren Originalzustand zu versetzen gilt. Nach der langen Suche passender Ersatzteile und unz\u00e4hligen Stunden f\u00fcr Austausch und Pflege, pr\u00e4sentieren die Liebhaber alter Fahrr\u00e4der voller berechtigtem Stolz das Ergebnis ihrer Arbeiten auf Events und Ausstellungen wie zum Beispiel der <a href=\"https:\/\/www.diamantrad.com\/de-DE\/blog\/velo-classico-germany\/\" target=\"_blank\" rel=\"noopener\" title=\"\" aria-label=\"Opens external link in a new tab\">Velo Classico Germany<\/a> oder der Eroica in Italien.<\/p>\n\n\n\n<p>Die ersten R\u00e4der der Diamant Fahrradwerke rollten 1895 vom Band. Dementsprechend blicken wir auf eine lange Geschichte an ikonischen und legend\u00e4ren Modellen zur\u00fcck, die eine immer gr\u00f6\u00dfer werdende Gruppe von begeisterten \u201eDiamantikern\u201c sammelt. Egal, ob das Modell 68 von 1935, Rennr\u00e4der aus DDR-Zeiten oder eine umfangreiche Sammlung an Diamant-Plaketten und -Schildern \u2013 jedes Teil hat seine eigene Geschichte, die Du bei uns erf\u00e4hrst.<\/p>\n\n\n\n<p>Du bist selbst Fahrradsammler und\/oder besitzt einen der seltenen, historischen&nbsp;Diamant-Kataloge? Hilf uns, ein umfassendes Archiv aufzubauen und kontaktiere uns \u00fcber <strong>marketing@diamantrad.com<\/strong> &#8211; wir freuen uns auf Dein Puzzle-St\u00fcck aus der langj\u00e4hrigen Geschichte der Diamant Fahrradwerke!<\/p>\n\n\n\n<h3 class=\"wp-block-heading\">Diamantiker im Einzelportrait<\/h3>\n\n\n\n<p>Im Laufe der letzten Jahre haben wir einige der Diamant-Fahrradsammler \u00fcber ihre Liebe zu alten Zweir\u00e4dern interviewt. Wie haben sie zu ihrer Leidenschaft gefunden? Was ist ihr Lieblingsrad und was verbinden sie mit den Diamant-Fahrradwerken? Die Antworten sind mal nostalgisch und mal lustig &#8211; aber lies einfach selbst:<\/p>\n\n\n\n<ul class=\"wp-block-list\">\n<li><a href=\"https:\/\/www.diamantrad.com\/de-DE\/blog\/diamant-sammler-im-portrait-norman-wolf\/\">Diamant-Sammler im Portr\u00e4t: Norman Wolf<\/a><a href=\"https:\/\/www.diamantrad.com\/de-DE\/blog\/diamant-sammler-alexander-feller\/\" target=\"_blank\" rel=\"noopener\" title=\"\" aria-label=\"Opens external link in a new tab\"><\/a><\/li>\n\n\n\n<li><a href=\"https:\/\/www.diamantrad.com\/de-DE\/blog\/diamant-sammler-werner-aidn\/\">Diamant-Sammler im Portr\u00e4t: Werner Aidn<\/a><\/li>\n\n\n\n<li><a href=\"https:\/\/www.diamantrad.com\/de-DE\/blog\/diamant-sammler-guenter-erber\/\" target=\"_blank\" rel=\"noopener\" title=\"\" aria-label=\"Opens external link in a new tab\">Diamant-Sammler im Portr\u00e4t: G\u00fcnter Erber<\/a><\/li>\n\n\n\n<li><a href=\"https:\/\/www.diamantrad.com\/de-DE\/blog\/diamant-sammler-torsten-fischer\/\" target=\"_blank\" rel=\"noopener\" title=\"\" aria-label=\"Opens external link in a new tab\">Diamant-Sammler im Portr\u00e4t: Torsten Fischer<\/a><\/li>\n\n\n\n<li><a href=\"https:\/\/www.diamantrad.com\/de-DE\/blog\/diamant-sammler-alexander-feller\/\" target=\"_blank\" rel=\"noopener\" title=\"\" aria-label=\"Opens external link in a new tab\">Diamant-Sammler im Portr\u00e4t: Alexander Feller<\/a><\/li>\n\n\n\n<li><a href=\"https:\/\/www.diamantrad.com\/de-DE\/blog\/diamant-sammler-im-portrait-ludwig-karsch\/\" target=\"_blank\" rel=\"noopener\" title=\"\" aria-label=\"Opens external link in a new tab\">Diamant-Sammler im Portr\u00e4t: Ludwig Karsch<\/a><\/li>\n\n\n\n<li><a href=\"https:\/\/www.diamantrad.com\/de-DE\/blog\/diamant-sammler-im-portrait-herr-erdmanns-schatztransporte\/\" target=\"_blank\" rel=\"noopener\" title=\"\" aria-label=\"Opens external link in a new tab\">Diamant-Sammler im Portr\u00e4t: Herr Erdmanns<\/a><\/li>\n\n\n\n<li><a href=\"https:\/\/www.diamantrad.com\/de-DE\/blog\/diamant-sammler-mandy-hartmut-boehm\/\" target=\"_blank\" rel=\"noopener\" title=\"\" aria-label=\"Opens external link in a new tab\">Diamant-Sammler im Portr\u00e4t: Mandy und Hartmut B\u00f6hm<\/a><\/li>\n\n\n\n<li><a href=\"https:\/\/www.diamantrad.com\/de-DE\/blog\/diamantsammler-hartmut-rogotzki\/\" target=\"_blank\" rel=\"noopener\" title=\"\" aria-label=\"Opens external link in a new tab\">Diamant-Sammler im Portr\u00e4t: Hartmut Rogotzki<\/a><\/li>\n\n\n\n<li><a href=\"https:\/\/www.diamantrad.com\/de-DE\/blog\/diamant-sammler-im-portrait-alfons-karl-reschke\/\" target=\"_blank\" rel=\"noopener\" title=\"\" aria-label=\"Opens external link in a new tab\">Diamant-Sammler im Portr\u00e4t: Alfons Karl Reschke<\/a><\/li>\n\n\n\n<li><a href=\"https:\/\/www.diamantrad.com\/de-DE\/blog\/diamant-sammler-anika-schaefer-patrick-meissner\/\" target=\"_blank\" rel=\"noopener\" title=\"\" aria-label=\"Opens external link in a new tab\">Diamant-Sammler im Portr\u00e4t: Anika Sch\u00e4fer und Patrick Mei\u00dfner<\/a><\/li>\n\n\n\n<li><a href=\"https:\/\/www.diamantrad.com\/de-DE\/blog\/stefan-mueller-bahlmann-strehla-paussnitz\/\" target=\"_blank\" rel=\"noopener\" title=\"\" aria-label=\"Opens external link in a new tab\">Diamant-Sammler im Portr\u00e4t: Stefan M\u00fcller-Bahlmann<\/a><\/li>\n<\/ul>\n\n\n\n<figure class=\"wp-block-image size-full\"><img data-dominant-color=\"9aa4af\" data-has-transparency=\"false\" style=\"--dominant-color: #9aa4af;\" loading=\"lazy\" decoding=\"async\" width=\"1500\" height=\"700\" sizes=\"auto, (max-width: 1500px) 100vw, 1500px\" src=\"https:\/\/www.diamantrad.com\/wp-content\/uploads\/2023\/09\/Blog_Diamant167_Plaketten_Header-png.avif\" alt=\"Blog diamant167 plaketten header\" class=\"wp-image-29393 not-transparent\" srcset=\"https:\/\/www.diamantrad.com\/wp-content\/uploads\/2023\/09\/Blog_Diamant167_Plaketten_Header-png.avif 1500w, https:\/\/www.diamantrad.com\/wp-content\/uploads\/2023\/09\/Blog_Diamant167_Plaketten_Header-png-300x140.jpg 300w, https:\/\/www.diamantrad.com\/wp-content\/uploads\/2023\/09\/Blog_Diamant167_Plaketten_Header-png-1024x478.jpg 1024w, https:\/\/www.diamantrad.com\/wp-content\/uploads\/2023\/09\/Blog_Diamant167_Plaketten_Header-png-768x358.jpg 768w\" \/><\/figure>\n\n<\/div>\r\n      <\/div>\r\n    <\/div>\r\n  <\/div>\r\n<\/div><\/div>","protected":false},"excerpt":{"rendered":"<p>Egal ob DDR-Rennrad oder altes Vintage-Fahrrad &#8211; f\u00fcr Fahrradsammler sind die Oldtimer wertvolle Sch\u00e4tze. \u25b6 Lerne unsere &#8220;Diamantiker&#8221; kennen!<\/p>\n","protected":false},"author":8,"featured_media":29393,"parent":0,"menu_order":0,"comment_status":"closed","ping_status":"closed","template":"","meta":{"_acf_changed":false,"slim_seo":{"title":"Fahrradsammler und Diamantiker","description":"Egal ob DDR-Rennrad oder altes Vintage-Fahrrad - f\u00fcr Fahrradsammler sind die Oldtimer wertvolle Sch\u00e4tze. \u25b6 Lerne unsere \"Diamantiker\" kennen!"},"footnotes":""},"class_list":["post-11557","page","type-page","status-publish","has-post-thumbnail","hentry"],"acf":[],"_links":{"self":[{"href":"https:\/\/www.diamantrad.com\/en-GB\/wp-json\/wp\/v2\/pages\/11557","targetHints":{"allow":["GET"]}}],"collection":[{"href":"https:\/\/www.diamantrad.com\/en-GB\/wp-json\/wp\/v2\/pages"}],"about":[{"href":"https:\/\/www.diamantrad.com\/en-GB\/wp-json\/wp\/v2\/types\/page"}],"author":[{"embeddable":true,"href":"https:\/\/www.diamantrad.com\/en-GB\/wp-json\/wp\/v2\/users\/8"}],"replies":[{"embeddable":true,"href":"https:\/\/www.diamantrad.com\/en-GB\/wp-json\/wp\/v2\/comments?post=11557"}],"version-history":[{"count":14,"href":"https:\/\/www.diamantrad.com\/en-GB\/wp-json\/wp\/v2\/pages\/11557\/revisions"}],"predecessor-version":[{"id":65313,"href":"https:\/\/www.diamantrad.com\/en-GB\/wp-json\/wp\/v2\/pages\/11557\/revisions\/65313"}],"wp:featuredmedia":[{"embeddable":true,"href":"https:\/\/www.diamantrad.com\/en-GB\/wp-json\/wp\/v2\/media\/29393"}],"wp:attachment":[{"href":"https:\/\/www.diamantrad.com\/en-GB\/wp-json\/wp\/v2\/media?parent=11557"}],"curies":[{"name":"wp","href":"https:\/\/api.w.org\/{rel}","templated":true}]}}