{"id":64193,"date":"2025-07-14T12:25:10","date_gmt":"2025-07-14T10:25:10","guid":{"rendered":"https:\/\/www.diamantrad.com\/?page_id=64193"},"modified":"2025-09-02T11:25:00","modified_gmt":"2025-09-02T09:25:00","slug":"140-jahre-diamant-jubilaeumsbuch","status":"publish","type":"page","link":"https:\/\/www.diamantrad.com\/de-DE\/140-jahre-diamant-jubilaeumsbuch\/","title":{"rendered":"Diamant Brand Book"},"content":{"rendered":"\n<div class=\"wp-block-cover is-light has-color-white-color has-text-color has-link-color wp-elements-85ae60e5dea4b722e8e1df3db26f34d6\"><video class=\"wp-block-cover__video-background intrinsic-ignore\" autoplay muted loop playsinline src=\"https:\/\/www.diamantrad.com\/wp-content\/uploads\/2025\/08\/Brandbook_header_Video_B_cg.mp4\" data-object-fit=\"cover\"><\/video><span aria-hidden=\"true\" class=\"wp-block-cover__background has-color-gray-light-background-color has-background-dim-0 has-background-dim\"><\/span><div class=\"wp-block-cover__inner-container is-layout-constrained wp-block-cover-is-layout-constrained\">\n<p class=\"has-text-align-center has-large-font-size\"><\/p>\n\n\n<div class=\"lazyblock-cover-text-2aH1iH wp-block-lazyblock-cover-text\"><div class=\"covertext container py-5 d-flex flex-column colorscheme-dark justify-content-center\" id=\"covertext-2aH1iH\">\r\n  <div class=\"lazyblock-inner-blocks\">\n\n<h2 class=\"wp-block-heading has-color-primary-color has-text-color has-link-color wp-elements-c5b04807b6bb6fb3fc77ce8421ad49fb\">Ein Buch f\u00fcr 140 Jahre<\/h2>\n\n<\/div>\r\n<\/div><\/div><\/div><\/div>\n\n\n<div class=\"lazyblock-nncontainer-14cqNS wp-block-lazyblock-nncontainer\"><div class=\"section-standard\">\r\n  <div class=\"container\" id=\"container-14cqNS\">\r\n    <div class=\"row\">\r\n      <div class=\"col py-4 py-lg-5\">\r\n        <div class=\"lazyblock-inner-blocks\">\n<div class=\"wp-bootstrap-blocks-row row\">\n\t\n\n<div class=\"col-12 col-md-6\">\n\t\t\t\n\n<figure class=\"wp-block-image size-full\"><img data-dominant-color=\"947f81\" data-has-transparency=\"false\" style=\"--dominant-color: #947f81;\" loading=\"lazy\" decoding=\"async\" width=\"2560\" height=\"1707\" sizes=\"auto, (max-width: 2560px) 100vw, 2560px\" src=\"https:\/\/www.diamantrad.com\/wp-content\/uploads\/2025\/08\/K78A6594-scaled.avif\" alt=\"Jubil\u00e4umsb\u00fccher von Diamant\" class=\"wp-image-65545 not-transparent\" srcset=\"https:\/\/www.diamantrad.com\/wp-content\/uploads\/2025\/08\/K78A6594-scaled.avif 2560w, https:\/\/www.diamantrad.com\/wp-content\/uploads\/2025\/08\/K78A6594-300x200.avif 300w, https:\/\/www.diamantrad.com\/wp-content\/uploads\/2025\/08\/K78A6594-1024x683.avif 1024w, https:\/\/www.diamantrad.com\/wp-content\/uploads\/2025\/08\/K78A6594-768x512.avif 768w, https:\/\/www.diamantrad.com\/wp-content\/uploads\/2025\/08\/K78A6594-1536x1024.avif 1536w, https:\/\/www.diamantrad.com\/wp-content\/uploads\/2025\/08\/K78A6594-2048x1365.avif 2048w\" \/><\/figure>\n\n\t<\/div>\n\n\n\n<div class=\"col-12 col-md-6\">\n\t\t\t\n\n<p>Seit 140 Jahren pr\u00e4gt Diamant die Fahrradbranche in Deutschland. Um zu verstehen, wohin wir gehen, muss man wissen, woher wir kommen. Dieses einzigartige Jubil\u00e4umsbuch erz\u00e4hlt die Geschichte der Menschen, welche die Geschichte gemacht haben und immer noch machen. Mit Portr\u00e4ts von Produktdesignern, Werksmitarbeitern, Radsportlegenden und vielen anderen.<\/p>\n\n\n\n<div class=\"wp-block-buttons has-custom-font-size has-medium-font-size is-horizontal is-content-justification-left is-layout-flex wp-container-core-buttons-is-layout-7e5fce0a wp-block-buttons-is-layout-flex\">\n<div class=\"wp-block-button\"><a role=\"button\" class=\"wp-block-button__link wp-element-button\" href=\"https:\/\/www.trekbikes.com\/de\/de_DE\/equipment\/fahrradzubeh%C3%B6r\/fahrradgeschenke-lustige-accessoires\/b%C3%BCcher\/140-jahre-diamant--das-jubil%C3%A4umsbuch\/p\/71239\/\">Buch kaufen<\/a><\/div>\n<\/div>\n\n\t<\/div>\n\n<\/div>\n\n<\/div>\r\n      <\/div>\r\n    <\/div>\r\n  <\/div>\r\n<\/div><\/div>\n\n<div class=\"lazyblock-nncontainer-Z72xrC wp-block-lazyblock-nncontainer\"><div class=\"section-standard\">\r\n  <div class=\"container\" id=\"container-Z72xrC\">\r\n    <div class=\"row\">\r\n      <div class=\"col py-3 py-lg-4\">\r\n        <div class=\"lazyblock-inner-blocks\">\n\n<div style=\"height:30px\" aria-hidden=\"true\" class=\"wp-block-spacer\"><\/div>\n\n\n\n<h4 class=\"wp-block-heading has-text-align-center has-medium-font-size\">&#8222;140 Jahre sind wir schon da.<br>Und nun? Diamant in der<br>Zukunft \u2013 wohin gehen wir?<br>Es gibt so viele M\u00f6glichkeiten. <br>Wir nennen sie Tr\u00e4ume.&#8220;<\/h4>\n\n\n\n<p class=\"has-text-align-center\"><em>Thomas Eichentopf, Brand Manager<\/em><\/p>\n\n\n\n<div style=\"height:30px\" aria-hidden=\"true\" class=\"wp-block-spacer\"><\/div>\n\n<\/div>\r\n      <\/div>\r\n    <\/div>\r\n  <\/div>\r\n<\/div><\/div>\n\n<div class=\"lazyblock-nncontainer-P7yBi wp-block-lazyblock-nncontainer\"><div class=\"section-standard\">\r\n  <div class=\"container\" id=\"container-P7yBi\">\r\n    <div class=\"row\">\r\n      <div class=\"col py-4 py-lg-5\">\r\n        <div class=\"lazyblock-inner-blocks\">\n\n<figure class=\"wp-block-gallery has-nested-images columns-default is-cropped wp-block-gallery-2 is-layout-flex wp-block-gallery-is-layout-flex\">\n<figure class=\"wp-block-image size-large\"><img data-dominant-color=\"8d7d84\" data-has-transparency=\"false\" style=\"--dominant-color: #8d7d84;\" loading=\"lazy\" decoding=\"async\" width=\"1024\" height=\"683\" sizes=\"auto, (max-width: 1024px) 100vw, 1024px\" data-id=\"65557\" src=\"https:\/\/www.diamantrad.com\/wp-content\/uploads\/2025\/08\/K78A6651-1024x683.avif\" alt=\"Eine Seite aus dem Diamant Jubil\u00e4umsbuch\" class=\"wp-image-65557 not-transparent\" srcset=\"https:\/\/www.diamantrad.com\/wp-content\/uploads\/2025\/08\/K78A6651-1024x683.avif 1024w, https:\/\/www.diamantrad.com\/wp-content\/uploads\/2025\/08\/K78A6651-300x200.avif 300w, https:\/\/www.diamantrad.com\/wp-content\/uploads\/2025\/08\/K78A6651-768x512.avif 768w, https:\/\/www.diamantrad.com\/wp-content\/uploads\/2025\/08\/K78A6651-1536x1024.avif 1536w, https:\/\/www.diamantrad.com\/wp-content\/uploads\/2025\/08\/K78A6651-2048x1365.avif 2048w\" \/><\/figure>\n\n\n\n<figure class=\"wp-block-image size-large\"><img data-dominant-color=\"74827f\" data-has-transparency=\"false\" style=\"--dominant-color: #74827f;\" loading=\"lazy\" decoding=\"async\" width=\"1024\" height=\"698\" sizes=\"auto, (max-width: 1024px) 100vw, 1024px\" data-id=\"65605\" src=\"https:\/\/www.diamantrad.com\/wp-content\/uploads\/2025\/08\/K78A6600-1024x698.avif\" alt=\"Eine Seite aus dem Diamant Jubil\u00e4umsbuch mit dem Diamant 140\" class=\"wp-image-65605 not-transparent\" srcset=\"https:\/\/www.diamantrad.com\/wp-content\/uploads\/2025\/08\/K78A6600-1024x698.avif 1024w, https:\/\/www.diamantrad.com\/wp-content\/uploads\/2025\/08\/K78A6600-300x205.avif 300w, https:\/\/www.diamantrad.com\/wp-content\/uploads\/2025\/08\/K78A6600-768x524.avif 768w, https:\/\/www.diamantrad.com\/wp-content\/uploads\/2025\/08\/K78A6600-1536x1048.avif 1536w, https:\/\/www.diamantrad.com\/wp-content\/uploads\/2025\/08\/K78A6600-2048x1397.avif 2048w\" \/><\/figure>\n\n\n\n<figure class=\"wp-block-image size-large\"><img data-dominant-color=\"918180\" data-has-transparency=\"false\" style=\"--dominant-color: #918180;\" loading=\"lazy\" decoding=\"async\" width=\"1024\" height=\"683\" sizes=\"auto, (max-width: 1024px) 100vw, 1024px\" data-id=\"65629\" src=\"https:\/\/www.diamantrad.com\/wp-content\/uploads\/2025\/08\/K78A6604-1024x683.avif\" alt=\"Eine Seite aus dem Diamant Jubil\u00e4umsbuch zum Design der Bikes\" class=\"wp-image-65629 not-transparent\" srcset=\"https:\/\/www.diamantrad.com\/wp-content\/uploads\/2025\/08\/K78A6604-1024x683.avif 1024w, https:\/\/www.diamantrad.com\/wp-content\/uploads\/2025\/08\/K78A6604-300x200.avif 300w, https:\/\/www.diamantrad.com\/wp-content\/uploads\/2025\/08\/K78A6604-768x512.avif 768w, https:\/\/www.diamantrad.com\/wp-content\/uploads\/2025\/08\/K78A6604-1536x1024.avif 1536w, https:\/\/www.diamantrad.com\/wp-content\/uploads\/2025\/08\/K78A6604-2048x1365.avif 2048w\" \/><\/figure>\n<\/figure>\n\n\n\n<div style=\"height:70px\" aria-hidden=\"true\" class=\"wp-block-spacer\"><\/div>\n\n\n\n<h4 class=\"wp-block-heading has-text-align-center\" style=\"font-size:20px\">&#8222;Ein gutes Fahrrad entsteht<br>nicht am Rei\u00dfbrett, sondern aus<br>einem gemeinsamen Geist \u2013 mit<br>viel Herz und K\u00f6pfchen.&#8220;<\/h4>\n\n\n\n<p class=\"has-text-align-center\"><em>Hilmar Meyer, Design Manager<\/em><\/p>\n\n\n\n<div style=\"height:70px\" aria-hidden=\"true\" class=\"wp-block-spacer\"><\/div>\n\n\n\n<figure class=\"wp-block-gallery has-nested-images columns-default is-cropped wp-block-gallery-3 is-layout-flex wp-block-gallery-is-layout-flex\">\n<figure class=\"wp-block-image size-large\"><img data-dominant-color=\"6b8082\" data-has-transparency=\"false\" style=\"--dominant-color: #6b8082;\" loading=\"lazy\" decoding=\"async\" width=\"1024\" height=\"683\" sizes=\"auto, (max-width: 1024px) 100vw, 1024px\" data-id=\"65593\" src=\"https:\/\/www.diamantrad.com\/wp-content\/uploads\/2025\/08\/K78A6605-1024x683.avif\" alt=\"Eine Seite aus dem Diamant Jubil\u00e4umsbuch mit den Logos\" class=\"wp-image-65593 not-transparent\" srcset=\"https:\/\/www.diamantrad.com\/wp-content\/uploads\/2025\/08\/K78A6605-1024x683.avif 1024w, https:\/\/www.diamantrad.com\/wp-content\/uploads\/2025\/08\/K78A6605-300x200.avif 300w, https:\/\/www.diamantrad.com\/wp-content\/uploads\/2025\/08\/K78A6605-768x512.avif 768w, https:\/\/www.diamantrad.com\/wp-content\/uploads\/2025\/08\/K78A6605-1536x1024.avif 1536w, https:\/\/www.diamantrad.com\/wp-content\/uploads\/2025\/08\/K78A6605-2048x1365.avif 2048w\" \/><\/figure>\n\n\n\n<figure class=\"wp-block-image size-large\"><img data-dominant-color=\"78817f\" data-has-transparency=\"false\" style=\"--dominant-color: #78817f;\" loading=\"lazy\" decoding=\"async\" width=\"1024\" height=\"676\" sizes=\"auto, (max-width: 1024px) 100vw, 1024px\" data-id=\"65581\" src=\"https:\/\/www.diamantrad.com\/wp-content\/uploads\/2025\/08\/K78A6615-1024x676.avif\" alt=\"Eine Seite aus dem Diamant Jubil\u00e4umsbuch zum Kollektionsrad 139\" class=\"wp-image-65581 not-transparent\" srcset=\"https:\/\/www.diamantrad.com\/wp-content\/uploads\/2025\/08\/K78A6615-1024x676.avif 1024w, https:\/\/www.diamantrad.com\/wp-content\/uploads\/2025\/08\/K78A6615-300x198.avif 300w, https:\/\/www.diamantrad.com\/wp-content\/uploads\/2025\/08\/K78A6615-768x507.avif 768w, https:\/\/www.diamantrad.com\/wp-content\/uploads\/2025\/08\/K78A6615-1536x1015.avif 1536w, https:\/\/www.diamantrad.com\/wp-content\/uploads\/2025\/08\/K78A6615-2048x1353.avif 2048w\" \/><\/figure>\n\n\n\n<figure class=\"wp-block-image size-large\"><img data-dominant-color=\"a2827f\" data-has-transparency=\"false\" style=\"--dominant-color: #a2827f;\" loading=\"lazy\" decoding=\"async\" width=\"1024\" height=\"683\" sizes=\"auto, (max-width: 1024px) 100vw, 1024px\" data-id=\"65617\" src=\"https:\/\/www.diamantrad.com\/wp-content\/uploads\/2025\/08\/K78A6628-1024x683.avif\" alt=\"Eine Seite aus dem Diamant Jubil\u00e4umsbuch zu den Kollektionsr\u00e4dern\" class=\"wp-image-65617 not-transparent\" srcset=\"https:\/\/www.diamantrad.com\/wp-content\/uploads\/2025\/08\/K78A6628-1024x683.avif 1024w, https:\/\/www.diamantrad.com\/wp-content\/uploads\/2025\/08\/K78A6628-300x200.avif 300w, https:\/\/www.diamantrad.com\/wp-content\/uploads\/2025\/08\/K78A6628-768x512.avif 768w, https:\/\/www.diamantrad.com\/wp-content\/uploads\/2025\/08\/K78A6628-1536x1024.avif 1536w, https:\/\/www.diamantrad.com\/wp-content\/uploads\/2025\/08\/K78A6628-2048x1365.avif 2048w\" \/><\/figure>\n<\/figure>\n\n<\/div>\r\n      <\/div>\r\n    <\/div>\r\n  <\/div>\r\n<\/div><\/div>\n\n<div class=\"lazyblock-nncontainer-wXT0Y wp-block-lazyblock-nncontainer\"><div class=\"section-light\">\r\n  <div class=\"container\" id=\"container-wXT0Y\">\r\n    <div class=\"row\">\r\n      <div class=\"col py-4 py-lg-5\">\r\n        <div class=\"lazyblock-inner-blocks\">\n\n<h2 class=\"wp-block-heading\">Kein Geschichtsbuch. <br>Ein Geschichtenbuch.<\/h2>\n\n\n\n<p>Dieses Buch zum 140 Jahr Jubil\u00e4um von Diamant ist kein Archiv. Es ist ein Port\u00e4t. Einblick statt R\u00fcckblick: Menschen, die Diamant heute gestalten. Stimmen, die uns zur Kultmarke gemacht haben. Ehrlich, liebevoll, bodenst\u00e4ndig und \u00fcberraschend.<\/p>\n\n\n\n<p>Ein Geschenk f\u00fcr dich oder f\u00fcr alle, die Fahrr\u00e4der lieben.<\/p>\n\n\n\n<p>Einmalig. Limitiert. Exklusiv \u00fcber Diamant erh\u00e4ltlich f\u00fcr 19.99 Euro.<br><em>Feiner Leineneinband, 95 Seiten, \u00fcber 200 Fotografien und Illustrationen.<\/em><\/p>\n\n\n\n<div class=\"wp-block-buttons is-layout-flex wp-block-buttons-is-layout-flex\">\n<div class=\"wp-block-button\"><a role=\"button\" class=\"wp-block-button__link wp-element-button\" href=\"https:\/\/www.trekbikes.com\/de\/de_DE\/equipment\/fahrradzubeh%C3%B6r\/fahrradgeschenke-lustige-accessoires\/b%C3%BCcher\/140-jahre-diamant--das-jubil%C3%A4umsbuch\/p\/71239\/\">Online kaufen<\/a><\/div>\n<\/div>\n\n<\/div>\r\n      <\/div>\r\n    <\/div>\r\n  <\/div>\r\n<\/div><\/div>\n\n\n<figure class=\"wp-block-image size-full\"><img data-dominant-color=\"917d82\" data-has-transparency=\"false\" style=\"--dominant-color: #917d82;\" loading=\"lazy\" decoding=\"async\" width=\"1920\" height=\"1080\" sizes=\"auto, (max-width: 1920px) 100vw, 1920px\" src=\"https:\/\/www.diamantrad.com\/wp-content\/uploads\/2025\/08\/mockup_brand_book_diamant.avif\" alt=\"Seiten aus dem Diamant 140 Jahre Jubil\u00e4umsbuch\" class=\"wp-image-65521 not-transparent\" srcset=\"https:\/\/www.diamantrad.com\/wp-content\/uploads\/2025\/08\/mockup_brand_book_diamant.avif 1920w, https:\/\/www.diamantrad.com\/wp-content\/uploads\/2025\/08\/mockup_brand_book_diamant-300x169.avif 300w, https:\/\/www.diamantrad.com\/wp-content\/uploads\/2025\/08\/mockup_brand_book_diamant-1024x576.avif 1024w, https:\/\/www.diamantrad.com\/wp-content\/uploads\/2025\/08\/mockup_brand_book_diamant-768x432.avif 768w, https:\/\/www.diamantrad.com\/wp-content\/uploads\/2025\/08\/mockup_brand_book_diamant-1536x864.avif 1536w\" \/><\/figure>\n","protected":false},"excerpt":{"rendered":"<p>140 Jahre Diamant in einem Buch: Ein liebevolles Portr\u00e4t unserer Marke, Menschen und Geschichten. Einzigartig. Limitiert. Jetzt entdecken und bestellen.<\/p>\n","protected":false},"author":8,"featured_media":65557,"parent":0,"menu_order":0,"comment_status":"closed","ping_status":"closed","template":"","meta":{"_acf_changed":false,"slim_seo":{"title":"140 Jahre Diamant - Jubil\u00e4umsbuch","description":"140 Jahre Diamant in einem Buch: Ein liebevolles Portr\u00e4t unserer Marke, Menschen und Geschichten. Einzigartig. Limitiert. Jetzt entdecken und bestellen."},"footnotes":""},"class_list":["post-64193","page","type-page","status-publish","has-post-thumbnail","hentry"],"acf":[],"_links":{"self":[{"href":"https:\/\/www.diamantrad.com\/de-DE\/wp-json\/wp\/v2\/pages\/64193","targetHints":{"allow":["GET"]}}],"collection":[{"href":"https:\/\/www.diamantrad.com\/de-DE\/wp-json\/wp\/v2\/pages"}],"about":[{"href":"https:\/\/www.diamantrad.com\/de-DE\/wp-json\/wp\/v2\/types\/page"}],"author":[{"embeddable":true,"href":"https:\/\/www.diamantrad.com\/de-DE\/wp-json\/wp\/v2\/users\/8"}],"replies":[{"embeddable":true,"href":"https:\/\/www.diamantrad.com\/de-DE\/wp-json\/wp\/v2\/comments?post=64193"}],"version-history":[{"count":82,"href":"https:\/\/www.diamantrad.com\/de-DE\/wp-json\/wp\/v2\/pages\/64193\/revisions"}],"predecessor-version":[{"id":67828,"href":"https:\/\/www.diamantrad.com\/de-DE\/wp-json\/wp\/v2\/pages\/64193\/revisions\/67828"}],"wp:featuredmedia":[{"embeddable":true,"href":"https:\/\/www.diamantrad.com\/de-DE\/wp-json\/wp\/v2\/media\/65557"}],"wp:attachment":[{"href":"https:\/\/www.diamantrad.com\/de-DE\/wp-json\/wp\/v2\/media?parent=64193"}],"curies":[{"name":"wp","href":"https:\/\/api.w.org\/{rel}","templated":true}]}}